{"id":10228,"date":"2024-04-28T20:20:06","date_gmt":"2024-04-28T18:20:06","guid":{"rendered":"https:\/\/termedimonticelli.it\/konventionen\/"},"modified":"2024-07-22T13:30:35","modified_gmt":"2024-07-22T13:30:35","slug":"konventionen","status":"publish","type":"page","link":"https:\/\/termedimonticelli.it\/de\/konventionen\/","title":{"rendered":"Konventionen"},"content":{"rendered":"\t\t<div data-elementor-type=\"wp-page\" data-elementor-id=\"10228\" class=\"elementor elementor-10228 elementor-927\" data-elementor-post-type=\"page\">\n\t\t\t\t<div class=\"elementor-element elementor-element-79d899e7 e-flex e-con-boxed e-con e-parent\" data-id=\"79d899e7\" data-element_type=\"container\" data-e-type=\"container\" data-settings=\"{&quot;background_background&quot;:&quot;classic&quot;,&quot;jet_parallax_layout_list&quot;:[]}\">\n\t\t\t\t\t<div class=\"e-con-inner\">\n\t\t\t\t\t<\/div>\n\t\t\t\t<\/div>\n\t\t<div class=\"elementor-element elementor-element-2de6e940 e-flex e-con-boxed e-con e-parent\" data-id=\"2de6e940\" data-element_type=\"container\" data-e-type=\"container\" data-settings=\"{&quot;jet_parallax_layout_list&quot;:[]}\">\n\t\t\t\t\t<div class=\"e-con-inner\">\n\t\t<div class=\"elementor-element elementor-element-56b1746f e-con-full e-flex e-con e-child\" data-id=\"56b1746f\" data-element_type=\"container\" data-e-type=\"container\" data-settings=\"{&quot;jet_parallax_layout_list&quot;:[]}\">\n\t\t\t\t<div class=\"elementor-element elementor-element-5446842f elementor-widget elementor-widget-image\" data-id=\"5446842f\" data-element_type=\"widget\" data-e-type=\"widget\" data-widget_type=\"image.default\">\n\t\t\t\t<div class=\"elementor-widget-container\">\n\t\t\t\t\t\t\t\t\t\t\t\t\t\t\t<img fetchpriority=\"high\" decoding=\"async\" width=\"800\" height=\"571\" src=\"https:\/\/termedimonticelli.it\/wp-content\/uploads\/2024\/04\/Logo-Versions.svg\" class=\"attachment-large size-large wp-image-8402\" alt=\"\" \/>\t\t\t\t\t\t\t\t\t\t\t\t\t\t\t<\/div>\n\t\t\t\t<\/div>\n\t\t\t\t<div class=\"elementor-element elementor-element-33652ee2 elementor-widget elementor-widget-heading\" data-id=\"33652ee2\" data-element_type=\"widget\" data-e-type=\"widget\" data-widget_type=\"heading.default\">\n\t\t\t\t<div class=\"elementor-widget-container\">\n\t\t\t\t\t<h2 class=\"elementor-heading-title elementor-size-default\"><b>Konventionen<\/b> <i>SSN<\/i><\/h2>\t\t\t\t<\/div>\n\t\t\t\t<\/div>\n\t\t\t\t<div class=\"elementor-element elementor-element-d9b97b5 elementor-widget elementor-widget-text-editor\" data-id=\"d9b97b5\" data-element_type=\"widget\" data-e-type=\"widget\" data-widget_type=\"text-editor.default\">\n\t\t\t\t<div class=\"elementor-widget-container\">\n\t\t\t\t\t\t\t\t\t<p class=\"p1\"><span class=\"s1\">Alle italienischen B\u00fcrger haben einmal im Jahr Anspruch auf eine 12-t\u00e4gige Kur, die vom staatlichen Gesundheitsdienst bezahlt wird.  <\/span><\/p>\n\t\t\t\t\t\t\t\t<\/div>\n\t\t\t\t<\/div>\n\t\t\t\t<\/div>\n\t\t\t\t\t<\/div>\n\t\t\t\t<\/div>\n\t\t<div class=\"elementor-element elementor-element-3498d66b e-flex e-con-boxed e-con e-parent\" data-id=\"3498d66b\" data-element_type=\"container\" data-e-type=\"container\" data-settings=\"{&quot;jet_parallax_layout_list&quot;:[]}\">\n\t\t\t\t\t<div class=\"e-con-inner\">\n\t\t<div class=\"elementor-element elementor-element-c38e1a8 e-flex e-con-boxed e-con e-child\" data-id=\"c38e1a8\" data-element_type=\"container\" data-e-type=\"container\" data-settings=\"{&quot;jet_parallax_layout_list&quot;:[]}\">\n\t\t\t\t\t<div class=\"e-con-inner\">\n\t\t\t\t<div class=\"elementor-element elementor-element-bef31af elementor-widget elementor-widget-text-editor\" data-id=\"bef31af\" data-element_type=\"widget\" data-e-type=\"widget\" data-widget_type=\"text-editor.default\">\n\t\t\t\t<div class=\"elementor-widget-container\">\n\t\t\t\t\t\t\t\t\t<p>Terme di Monticelli ist eine private Gesundheitseinrichtung, die von der Region Emilia-Romagna akkreditiert und <strong>dem nationalen Gesundheitsdienst angeschlossen ist<\/strong> und vom Gesundheitsministerium auf der h\u00f6chsten Stufe (Level 1 Super) eingestuft wurde.<\/p>\n<p>Alle italienischen Staatsb\u00fcrger haben einmal im Jahr Anspruch auf einen 12-t\u00e4gigen Kuraufenthalt*, der vom staatlichen Gesundheitsdienst bezahlt wird (alle weiteren Kuraufenthalte gehen zu ihren eigenen Lasten).<\/p>\n<p>Um in den Genuss von Thermalkuren in \u00dcbereinstimmung mit dem staatlichen Gesundheitsdienst zu kommen, <strong>wenden Sie sich<\/strong> einfach <strong>an Ihren Hausarzt<\/strong>, Kinderarzt oder Facharzt, um <strong>ein Rezept<\/strong> (rotes Rezept) zu erhalten, auf dem die Diagnose und der Zyklus der Thermalkuren wie unten angegeben angegeben sein m\u00fcssen.<\/p>\n\t\t\t\t\t\t\t\t<\/div>\n\t\t\t\t<\/div>\n\t\t\t\t<div class=\"elementor-element elementor-element-9dda301 elementor-widget elementor-widget-text-editor\" data-id=\"9dda301\" data-element_type=\"widget\" data-e-type=\"widget\" data-widget_type=\"text-editor.default\">\n\t\t\t\t<div class=\"elementor-widget-container\">\n\t\t\t\t\t\t\t\t\t<p>*<em>mit Ausnahme der gesch\u00fctzten Kategorien ex art.57 Absatz 3 Gesetz n.833\/78 und art.13 c.6<br \/>\nGesetzesdekret Nr. 463\/83, ge\u00e4ndert durch das Umwandlungsgesetz L.n.638\/83, die im Laufe des Jahres eine <strong>zus\u00e4tzliche spezifische Behandlung<\/strong> in Anspruch nehmen k\u00f6nnen.<br \/>\nZu dieser Kategorie geh\u00f6ren: Kriegs- und Dienstinvaliden, Blinde, Taubstumme, Zivilinvaliden und Arbeitsinvaliden.  <\/em><\/p>\n\t\t\t\t\t\t\t\t<\/div>\n\t\t\t\t<\/div>\n\t\t\t\t\t<\/div>\n\t\t\t\t<\/div>\n\t\t<div class=\"elementor-element elementor-element-ba21a39 e-flex e-con-boxed e-con e-child\" data-id=\"ba21a39\" data-element_type=\"container\" data-e-type=\"container\" data-settings=\"{&quot;jet_parallax_layout_list&quot;:[]}\">\n\t\t\t\t\t<div class=\"e-con-inner\">\n\t\t\t\t<div class=\"elementor-element elementor-element-d5c1f98 elementor-align-center elementor-widget elementor-widget-button\" data-id=\"d5c1f98\" data-element_type=\"widget\" data-e-type=\"widget\" data-widget_type=\"button.default\">\n\t\t\t\t<div class=\"elementor-widget-container\">\n\t\t\t\t\t\t\t\t\t<div class=\"elementor-button-wrapper\">\n\t\t\t\t\t<a class=\"elementor-button elementor-button-link elementor-size-sm\" href=\"https:\/\/termedimonticelli.it\/de\/?page_id=10183\">\n\t\t\t\t\t\t<span class=\"elementor-button-content-wrapper\">\n\t\t\t\t\t\t\t\t\t<span class=\"elementor-button-text\">WIE SIE ZUGANG ZUR PFLEGE ERHALTEN<\/span>\n\t\t\t\t\t<\/span>\n\t\t\t\t\t<\/a>\n\t\t\t\t<\/div>\n\t\t\t\t\t\t\t\t<\/div>\n\t\t\t\t<\/div>\n\t\t\t\t\t<\/div>\n\t\t\t\t<\/div>\n\t\t\t\t\t<\/div>\n\t\t\t\t<\/div>\n\t\t<div class=\"elementor-element elementor-element-c1c57b2 e-flex e-con-boxed e-con e-parent\" data-id=\"c1c57b2\" data-element_type=\"container\" data-e-type=\"container\" data-settings=\"{&quot;jet_parallax_layout_list&quot;:[]}\">\n\t\t\t\t\t<div class=\"e-con-inner\">\n\t\t\t\t<div class=\"elementor-element elementor-element-4f146c8 elementor-widget elementor-widget-heading\" data-id=\"4f146c8\" data-element_type=\"widget\" data-e-type=\"widget\" data-widget_type=\"heading.default\">\n\t\t\t\t<div class=\"elementor-widget-container\">\n\t\t\t\t\t<h2 class=\"elementor-heading-title elementor-size-default\">Tabelle der vereinbarten Heilmittel<\/h2>\t\t\t\t<\/div>\n\t\t\t\t<\/div>\n\t\t<div class=\"elementor-element elementor-element-8fa9368 e-con-full e-flex e-con e-child\" data-id=\"8fa9368\" data-element_type=\"container\" data-e-type=\"container\" data-settings=\"{&quot;jet_parallax_layout_list&quot;:[]}\">\n\t\t<div class=\"elementor-element elementor-element-4e0af2d e-con-full e-flex e-con e-child\" data-id=\"4e0af2d\" data-element_type=\"container\" data-e-type=\"container\" data-settings=\"{&quot;jet_parallax_layout_list&quot;:[]}\">\n\t\t\t\t<div class=\"elementor-element elementor-element-066f338 elementor-widget elementor-widget-jet-table\" data-id=\"066f338\" data-element_type=\"widget\" data-e-type=\"widget\" data-widget_type=\"jet-table.default\">\n\t\t\t\t<div class=\"elementor-widget-container\">\n\t\t\t\t\t<div class=\"elementor-jet-table jet-elements\">\n\t\t<div class=\"jet-table-wrapper\">\n\t\t\t<table class=\"jet-table jet-table--fa5-compat\">\n\t\t\t\t<thead class=\"jet-table__head\"><tr class=\"jet-table__head-row\"><th class=\"jet-table__cell elementor-repeater-item-79fc52b jet-table__head-cell\" scope=\"col\"><div class=\"jet-table__cell-inner\"><div class=\"jet-table__cell-content\"><div class=\"jet-table__cell-text\">PATHOLOGIEN<\/div><\/div><\/div><\/th><th class=\"jet-table__cell elementor-repeater-item-f2f4c5c jet-table__head-cell\" scope=\"col\"><div class=\"jet-table__cell-inner\"><div class=\"jet-table__cell-content\"><div class=\"jet-table__cell-text\"><br>DIAGNOSE, die auf dem Rezept anzugeben ist<\/div><\/div><\/div><\/th><th class=\"jet-table__cell elementor-repeater-item-ad16c9c jet-table__head-cell\" scope=\"col\"><div class=\"jet-table__cell-inner\"><div class=\"jet-table__cell-content\"><div class=\"jet-table__cell-text\">THERMISCHE PFLEGE<\/div><\/div><\/div><\/th><\/tr><\/thead>\n\t\t\t\t\t\t\t\t<tbody class=\"jet-table__body\"><td class=\"jet-table__cell elementor-repeater-item-159c504 jet-table__body-cell\"><div class=\"jet-table__cell-inner\"><div class=\"jet-table__cell-content\"><div class=\"jet-table__cell-text\"><strong><br>PATHOLOGIEN DER OBEREN ATEMWEGE (NASE UND RACHEN)<\/strong><\/div><\/div><\/div><\/td><td class=\"jet-table__cell elementor-repeater-item-3c8be7d jet-table__body-cell\"><div class=\"jet-table__cell-inner\"><div class=\"jet-table__cell-content\"><div class=\"jet-table__cell-text\"><br><br><br> Chronische bronchiale rhinosinuistische Syndrome Vasomotorische Rhinopathie Chronische Sinusitis Chronische Pharyngolaryngitis<\/div><\/div><\/div><\/td><td class=\"jet-table__cell elementor-repeater-item-13a1487 jet-table__body-cell\"><div class=\"jet-table__cell-inner\"><div class=\"jet-table__cell-content\"><div class=\"jet-table__cell-text\">24 Inhalationsbehandlungen (einschlie\u00dflich Inhalationen, Aerosole, Humagen, Nass- oder Trockenvernebelungen, Nasensp\u00fclungen, mikronisierte Nasenduschen)<\/div><\/div><\/div><\/td><tr class=\"jet-table__body-row elementor-repeater-item-055d406\"><td class=\"jet-table__cell elementor-repeater-item-49d825a jet-table__body-cell\"><div class=\"jet-table__cell-inner\"><div class=\"jet-table__cell-content\"><div class=\"jet-table__cell-text\"><strong>ERKRANKUNGEN DER UNTEREN ATEMWEGE<\/strong><\/div><\/div><\/div><\/td><td class=\"jet-table__cell elementor-repeater-item-c3a7191 jet-table__body-cell\"><div class=\"jet-table__cell-inner\"><div class=\"jet-table__cell-content\"><div class=\"jet-table__cell-text\"><br><br><br> Einfache chronische Bronchitis oder begleitet von einer obstruktiven Komponente B.P.C.O. (Chronic Obstructive Pulmonary Disease) Chronische Bronchopathien, die durch berufliche Exposition gegen\u00fcber Reizstoffen und Staub verursacht werden<\/div><\/div><\/div><\/td><td class=\"jet-table__cell elementor-repeater-item-14759bf jet-table__body-cell\"><div class=\"jet-table__cell-inner\"><div class=\"jet-table__cell-content\"><div class=\"jet-table__cell-text\"><br><br> 24 Inhalationsbehandlungen (einschlie\u00dflich Inhalationen, Aerosole, Humagen, Nass- oder Trockenvernebelungen, Nasensp\u00fclungen, mikronisierte Nasenduschen) 12 kontrollierte Lungenbeatmungen + 18 Inhalationsbehandlungen<\/div><\/div><\/div><\/td><\/tr><tr class=\"jet-table__body-row elementor-repeater-item-0eaf9a5\"><td class=\"jet-table__cell elementor-repeater-item-2992522 jet-table__body-cell\"><div class=\"jet-table__cell-inner\"><div class=\"jet-table__cell-content\"><div class=\"jet-table__cell-text\"><strong>ERKRANKUNGEN<\/strong><\/div><\/div><\/div><\/td><td class=\"jet-table__cell elementor-repeater-item-45a9aec jet-table__body-cell\"><div class=\"jet-table__cell-inner\"><div class=\"jet-table__cell-content\"><div class=\"jet-table__cell-text\"><br><br> Tubenstenose Chronisch katarrhalische Otitis Chronisch eitrige Otitis <\/div><\/div><\/div><\/td><td class=\"jet-table__cell elementor-repeater-item-2780829 jet-table__body-cell\"><div class=\"jet-table__cell-inner\"><div class=\"jet-table__cell-content\"><div class=\"jet-table__cell-text\">12 Tuben-, Trommelfell- und\/oder Politzer-Insufflationen + 12 Inhalationsbehandlungen<\/div><\/div><\/div><\/td><\/tr><tr class=\"jet-table__body-row elementor-repeater-item-73c2abe\"><td class=\"jet-table__cell elementor-repeater-item-e368e26 jet-table__body-cell\"><div class=\"jet-table__cell-inner\"><div class=\"jet-table__cell-content\"><div class=\"jet-table__cell-text\"><strong>ARTHRORHEUMATISCHE PATHOLOGIEN<\/strong><\/div><\/div><\/div><\/td><td class=\"jet-table__cell elementor-repeater-item-b4306e4 jet-table__body-cell\"><div class=\"jet-table__cell-inner\"><div class=\"jet-table__cell-content\"><div class=\"jet-table__cell-text\"><br> Osteoarthrose und andere degenerative Formen Extraartikul\u00e4re Rheumatismen<\/div><\/div><\/div><\/td><td class=\"jet-table__cell elementor-repeater-item-59caf0a jet-table__body-cell\"><div class=\"jet-table__cell-inner\"><div class=\"jet-table__cell-content\"><div class=\"jet-table__cell-text\"><br> 12 Schlammb\u00e4der mit therapeutischem Bad oder 12 Salso-Bromo-Jod-B\u00e4der<\/div><\/div><\/div><\/td><\/tr><tr class=\"jet-table__body-row elementor-repeater-item-9a5f9cd\"><td class=\"jet-table__cell elementor-repeater-item-46f49e5 jet-table__body-cell\"><div class=\"jet-table__cell-inner\"><div class=\"jet-table__cell-content\"><div class=\"jet-table__cell-text\"><strong>VASKUL\u00c4RE PATHOLOGIEN<\/div><\/div><\/div><\/td><td class=\"jet-table__cell elementor-repeater-item-13956d9 jet-table__body-cell\"><div class=\"jet-table__cell-inner\"><div class=\"jet-table__cell-content\"><div class=\"jet-table__cell-text\">Nachwirkungen der chronischen Phlebopathie<\/div><\/div><\/div><\/td><td class=\"jet-table__cell elementor-repeater-item-809975a jet-table__body-cell\"><div class=\"jet-table__cell-inner\"><div class=\"jet-table__cell-content\"><div class=\"jet-table__cell-text\"><br>12 Whirlpool-B\u00e4der oder 12 Gruppensitzungen mit vaskul\u00e4rer Kinesiotherapie in begehbaren Pools bei unterschiedlichen Temperaturen, erg\u00e4nzt durch vaskul\u00e4re Kinesiotherapie<\/div><\/div><\/div><\/td><\/tr><tr class=\"jet-table__body-row elementor-repeater-item-395206d\"><td class=\"jet-table__cell elementor-repeater-item-6e5b84d jet-table__body-cell\"><div class=\"jet-table__cell-inner\"><div class=\"jet-table__cell-content\"><div class=\"jet-table__cell-text\"><strong>GYN\u00c4KOLOGISCHE PATHOLOGIEN<\/strong>\n<\/div><\/div><\/div><\/td><td class=\"jet-table__cell elementor-repeater-item-c2ee032 jet-table__body-cell\"><div class=\"jet-table__cell-inner\"><div class=\"jet-table__cell-content\"><div class=\"jet-table__cell-text\"><br>Schmerzhafte Sklerose des Bindegewebes im Beckenbereich mit Vernarbung und R\u00fcckbildung Anhaltende Leukorrhoe aufgrund einer chronischen, unspezifischen und dystrophischen Vaginitis. <\/div><\/div><\/div><\/td><td class=\"jet-table__cell elementor-repeater-item-da6a26e jet-table__body-cell\"><div class=\"jet-table__cell-inner\"><div class=\"jet-table__cell-content\"><div class=\"jet-table__cell-text\">12 Vaginalsp\u00fclungen + 12 Salso-Brom-Jod-B\u00e4der<\/div><\/div><\/div><\/td><\/tr><\/tbody>\n\t\t\t<\/table>\n\t\t<\/div>\n\n\t\t<\/div>\t\t\t\t<\/div>\n\t\t\t\t<\/div>\n\t\t<div class=\"elementor-element elementor-element-993847b e-flex e-con-boxed e-con e-child\" data-id=\"993847b\" data-element_type=\"container\" data-e-type=\"container\" data-settings=\"{&quot;jet_parallax_layout_list&quot;:[]}\">\n\t\t\t\t\t<div class=\"e-con-inner\">\n\t\t\t\t<div class=\"elementor-element elementor-element-e2fca33 elementor-widget elementor-widget-text-editor\" data-id=\"e2fca33\" data-element_type=\"widget\" data-e-type=\"widget\" data-widget_type=\"text-editor.default\">\n\t\t\t\t<div class=\"elementor-widget-container\">\n\t\t\t\t\t\t\t\t\t<p>F\u00fcr eine vollst\u00e4ndige Liste der in den Terme di Monticelli angebotenen Vertragskuren laden Sie bitte das Informationsmaterial herunter.  <\/p>\n\t\t\t\t\t\t\t\t<\/div>\n\t\t\t\t<\/div>\n\t\t\t\t<div class=\"elementor-element elementor-element-7e0048f elementor-mobile-align-center elementor-widget elementor-widget-jet-download-button\" data-id=\"7e0048f\" data-element_type=\"widget\" data-e-type=\"widget\" data-widget_type=\"jet-download-button.default\">\n\t\t\t\t<div class=\"elementor-widget-container\">\n\t\t\t\t\t<div class=\"elementor-jet-download-button jet-elements\"><a class=\"elementor-button elementor-size-md jet-download jet-download-icon-position-left\" data-e-disable-page-transition=\"true\" href=\"https:\/\/termedimonticelli.it\/de\/?jet_download=6397acbdd77a5623724f39568458b464fafaac1d\" ><span class=\"jet-download__icon jet-download-icon-left jet-elements-icon\"><svg aria-hidden=\"true\" class=\"e-font-icon-svg e-fas-file-download\" viewBox=\"0 0 384 512\" xmlns=\"http:\/\/www.w3.org\/2000\/svg\"><path d=\"M224 136V0H24C10.7 0 0 10.7 0 24v464c0 13.3 10.7 24 24 24h336c13.3 0 24-10.7 24-24V160H248c-13.2 0-24-10.8-24-24zm76.45 211.36l-96.42 95.7c-6.65 6.61-17.39 6.61-24.04 0l-96.42-95.7C73.42 337.29 80.54 320 94.82 320H160v-80c0-8.84 7.16-16 16-16h32c8.84 0 16 7.16 16 16v80h65.18c14.28 0 21.4 17.29 11.27 27.36zM377 105L279.1 7c-4.5-4.5-10.6-7-17-7H256v128h128v-6.1c0-6.3-2.5-12.4-7-16.9z\"><\/path><\/svg><\/span><span class=\"jet-download__text\"><span class=\"jet-download__label\">Konventionelle Pflegezyklen 2024<\/span><span class=\"jet-download__file-name\"><\/span><small class=\"jet-download__sub-label\"><\/small><\/span><\/a>\n<\/div>\t\t\t\t<\/div>\n\t\t\t\t<\/div>\n\t\t\t\t\t<\/div>\n\t\t\t\t<\/div>\n\t\t\t\t<\/div>\n\t\t\t\t<\/div>\n\t\t\t\t\t<\/div>\n\t\t\t\t<\/div>\n\t\t<div class=\"elementor-element elementor-element-930eaaf e-flex e-con-boxed e-con e-parent\" data-id=\"930eaaf\" data-element_type=\"container\" data-e-type=\"container\" data-settings=\"{&quot;jet_parallax_layout_list&quot;:[]}\">\n\t\t\t\t\t<div class=\"e-con-inner\">\n\t\t\t\t<div class=\"elementor-element elementor-element-113d0f5 elementor-widget elementor-widget-heading\" data-id=\"113d0f5\" data-element_type=\"widget\" data-e-type=\"widget\" data-widget_type=\"heading.default\">\n\t\t\t\t<div class=\"elementor-widget-container\">\n\t\t\t\t\t<h2 class=\"elementor-heading-title elementor-size-default\">Gesundheitsticket<\/h2>\t\t\t\t<\/div>\n\t\t\t\t<\/div>\n\t\t<div class=\"elementor-element elementor-element-5fbc89b e-flex e-con-boxed e-con e-child\" data-id=\"5fbc89b\" data-element_type=\"container\" data-e-type=\"container\" data-settings=\"{&quot;jet_parallax_layout_list&quot;:[]}\">\n\t\t\t\t\t<div class=\"e-con-inner\">\n\t\t\t\t<div class=\"elementor-element elementor-element-a93ed5c elementor-widget elementor-widget-text-editor\" data-id=\"a93ed5c\" data-element_type=\"widget\" data-e-type=\"widget\" data-widget_type=\"text-editor.default\">\n\t\t\t\t<div class=\"elementor-widget-container\">\n\t\t\t\t\t\t\t\t\t<p>Die Vereinbarung mit dem Nationalen Gesundheitsdienst f\u00fcr Kuraufenthalte sieht eine Kostenbeteiligung von <strong>55,00 \u20ac<\/strong> vor, die am ersten Tag an der Rezeption zu zahlen ist.<\/p>\n<p><strong>AUSGENOMMEN.<\/strong>  gegen Zahlung einer Pauschalgeb\u00fchr von \u20ac 3,10: Kinder unter 6 Jahren und \u00e4ltere Menschen \u00fcber 65 mit einem Familieneinkommen bis zu \u20ac 36.152,00; Sozialrentner; Mindestrentner \u00fcber 60 mit einem Familieneinkommen von h\u00f6chstens \u20ac 8.263,32 und bis zu \u20ac 11.362,06 mit Ehepartner + \u20ac 516,46 pro unterhaltsberechtigtem Kind; Zivilinvaliden von 67% bis 99%, Arbeitsinvaliden von 67% bis 80%; Dienstinvaliden der Kategorie 2 bis 5\u00b0; nicht vollst\u00e4ndig Blinde und Taubstumme; Kriegsinvaliden der Kategorie 1 bis 5\u00b0, die keine direkte lebenslange Rente erhalten.<\/p>\n<p><strong>VOLLST\u00c4NDIG AUSGESCHLOSSEN:<\/strong> Kriegsinvaliden der Kategorien 1-5 mit direkter lebenslanger Rente; Dienstinvaliden der Kategorie 1; gro\u00dfe Arbeitsinvaliden \u00fcber 80 %; 100 % Zivilinvaliden und Invaliden mit Begleitungsgeld; v\u00f6llig Blinde.<\/p>\n<p><span style=\"text-decoration: underline;\">Das Recht auf Befreiung von der Zuzahlung aufgrund von Einkommen und Pathologie muss vom Arzt an der entsprechenden Stelle auf dem Rezept (rotes Rezept) angegeben<\/span> werden.<\/p>\n\t\t\t\t\t\t\t\t<\/div>\n\t\t\t\t<\/div>\n\t\t\t\t<div class=\"elementor-element elementor-element-498422c1 elementor-widget-divider--view-line elementor-widget elementor-widget-divider\" data-id=\"498422c1\" data-element_type=\"widget\" data-e-type=\"widget\" data-widget_type=\"divider.default\">\n\t\t\t\t<div class=\"elementor-widget-container\">\n\t\t\t\t\t\t\t<div class=\"elementor-divider\">\n\t\t\t<span class=\"elementor-divider-separator\">\n\t\t\t\t\t\t<\/span>\n\t\t<\/div>\n\t\t\t\t\t\t<\/div>\n\t\t\t\t<\/div>\n\t\t\t\t\t<\/div>\n\t\t\t\t<\/div>\n\t\t\t\t\t<\/div>\n\t\t\t\t<\/div>\n\t\t<div class=\"elementor-element elementor-element-45e47fb e-flex e-con-boxed e-con e-parent\" data-id=\"45e47fb\" data-element_type=\"container\" data-e-type=\"container\" data-settings=\"{&quot;jet_parallax_layout_list&quot;:[]}\">\n\t\t\t\t\t<div class=\"e-con-inner\">\n\t\t<div class=\"elementor-element elementor-element-39aa8fc e-flex e-con-boxed e-con e-child\" data-id=\"39aa8fc\" data-element_type=\"container\" data-e-type=\"container\" data-settings=\"{&quot;jet_parallax_layout_list&quot;:[]}\">\n\t\t\t\t\t<div class=\"e-con-inner\">\n\t\t<div class=\"elementor-element elementor-element-5c26592 e-con-full e-flex e-con e-child\" data-id=\"5c26592\" data-element_type=\"container\" data-e-type=\"container\" data-settings=\"{&quot;jet_parallax_layout_list&quot;:[]}\">\n\t\t<div class=\"elementor-element elementor-element-98e933f e-con-full e-flex e-con e-child\" data-id=\"98e933f\" data-element_type=\"container\" data-e-type=\"container\" data-settings=\"{&quot;jet_parallax_layout_list&quot;:[]}\">\n\t\t\t\t<div class=\"elementor-element elementor-element-174759a elementor-widget elementor-widget-heading\" data-id=\"174759a\" data-element_type=\"widget\" data-e-type=\"widget\" data-widget_type=\"heading.default\">\n\t\t\t\t<div class=\"elementor-widget-container\">\n\t\t\t\t\t<h2 class=\"elementor-heading-title elementor-size-default\"><b>INAIL-Konvention<\/b><\/h2>\t\t\t\t<\/div>\n\t\t\t\t<\/div>\n\t\t\t\t<div class=\"elementor-element elementor-element-4a94238 elementor-widget elementor-widget-text-editor\" data-id=\"4a94238\" data-element_type=\"widget\" data-e-type=\"widget\" data-widget_type=\"text-editor.default\">\n\t\t\t\t<div class=\"elementor-widget-container\">\n\t\t\t\t\t\t\t\t\t<p>Terme di Monticelli ist dem <strong>INAIL<\/strong> f\u00fcr alle Thermalkurzyklen angeschlossen, die bereits mit dem Nationalen Gesundheitsdienst vereinbart wurden, aber auch f\u00fcr:<\/p>\n<ul>\n<li>  Der Zyklus der Pflege in der <strong>motorischen Rehabilitation<\/strong><\/li>\n<li>Der Zyklus der Pflege in der <strong>Rehabilitation der Atemwege<\/strong><\/li>\n<\/ul>\n<p><b>Wer hat Anspruch auf die INAIL-Kurleistungen?<\/b><\/p>\n<ul>\n<li>Arbeitnehmer, die verletzt wurden oder an einer Berufskrankheit leiden, w\u00e4hrend des Zeitraums der ABSOLUTEN VOR\u00dcBERGEHENDEN UNF\u00c4HIGKEIT<\/li>\n<li>Rentner  <\/li>\n<li>Personen, die an Silikose oder Asbestose leiden, ohne zeitliche Begrenzung.<\/li>\n<\/ul>\n<p><b>Wie wird die Behandlung verschrieben?<\/b><br \/>Der Antrag auf eine Kurbehandlung muss von der betreffenden Person zusammen mit einem \u00e4rztlichen Attest eingereicht werden, in dem die Beeintr\u00e4chtigung und die Art der gew\u00fcnschten Kurbehandlung angegeben sind.<br \/>\nDer Arzt des INAIL pr\u00fcft, ob die beantragten Therapien im Einklang mit dem Gesetz gew\u00e4hrt werden, und veranlasst, wenn er es zu Heilzwecken f\u00fcr sinnvoll h\u00e4lt, fach\u00e4rztliche Kontrollen und Untersuchungen. <\/p>\n<p>D<b>auer der Leistungen:<\/b> Der Behandlungszyklus dauert 12 Tage.<br \/>\nF\u00fcr weitere Informationen wenden Sie sich bitte an Ihr INAIL-B\u00fcro. <\/p>\n\t\t\t\t\t\t\t\t<\/div>\n\t\t\t\t<\/div>\n\t\t<div class=\"elementor-element elementor-element-5df93a0 e-flex e-con-boxed e-con e-child\" data-id=\"5df93a0\" data-element_type=\"container\" data-e-type=\"container\" data-settings=\"{&quot;jet_parallax_layout_list&quot;:[]}\">\n\t\t\t\t\t<div class=\"e-con-inner\">\n\t\t\t\t<div class=\"elementor-element elementor-element-b1db5f4 elementor-align-left elementor-widget elementor-widget-button\" data-id=\"b1db5f4\" data-element_type=\"widget\" data-e-type=\"widget\" data-widget_type=\"button.default\">\n\t\t\t\t<div class=\"elementor-widget-container\">\n\t\t\t\t\t\t\t\t\t<div class=\"elementor-button-wrapper\">\n\t\t\t\t\t<a class=\"elementor-button elementor-button-link elementor-size-sm\" href=\"https:\/\/termedimonticelli.it\/hotels\/hotel-delle-terme\/\">\n\t\t\t\t\t\t<span class=\"elementor-button-content-wrapper\">\n\t\t\t\t\t\t\t\t\t<span class=\"elementor-button-text\">ENTDECKEN SIE DAS PARTNERHOTEL<\/span>\n\t\t\t\t\t<\/span>\n\t\t\t\t\t<\/a>\n\t\t\t\t<\/div>\n\t\t\t\t\t\t\t\t<\/div>\n\t\t\t\t<\/div>\n\t\t\t\t\t<\/div>\n\t\t\t\t<\/div>\n\t\t\t\t<\/div>\n\t\t<div class=\"elementor-element elementor-element-7070473 e-con-full e-flex e-con e-child\" data-id=\"7070473\" data-element_type=\"container\" data-e-type=\"container\" data-settings=\"{&quot;jet_parallax_layout_list&quot;:[]}\">\n\t\t\t\t<div class=\"elementor-element elementor-element-f636c66 elementor-widget elementor-widget-image\" data-id=\"f636c66\" data-element_type=\"widget\" data-e-type=\"widget\" data-widget_type=\"image.default\">\n\t\t\t\t<div class=\"elementor-widget-container\">\n\t\t\t\t\t\t\t\t\t\t\t\t\t\t\t<img decoding=\"async\" width=\"683\" height=\"1024\" src=\"https:\/\/termedimonticelli.it\/wp-content\/uploads\/2024\/05\/riabilitazione-inail-convenzione-terme-di-monticelli-idrokinesiterapia-683x1024.jpg\" class=\"attachment-large size-large wp-image-9216\" alt=\"\" srcset=\"https:\/\/termedimonticelli.it\/wp-content\/uploads\/2024\/05\/riabilitazione-inail-convenzione-terme-di-monticelli-idrokinesiterapia-683x1024.jpg 683w, https:\/\/termedimonticelli.it\/wp-content\/uploads\/2024\/05\/riabilitazione-inail-convenzione-terme-di-monticelli-idrokinesiterapia-600x900.jpg 600w, https:\/\/termedimonticelli.it\/wp-content\/uploads\/2024\/05\/riabilitazione-inail-convenzione-terme-di-monticelli-idrokinesiterapia-200x300.jpg 200w, https:\/\/termedimonticelli.it\/wp-content\/uploads\/2024\/05\/riabilitazione-inail-convenzione-terme-di-monticelli-idrokinesiterapia-768x1152.jpg 768w, https:\/\/termedimonticelli.it\/wp-content\/uploads\/2024\/05\/riabilitazione-inail-convenzione-terme-di-monticelli-idrokinesiterapia-1024x1536.jpg 1024w, https:\/\/termedimonticelli.it\/wp-content\/uploads\/2024\/05\/riabilitazione-inail-convenzione-terme-di-monticelli-idrokinesiterapia.jpg 1280w\" sizes=\"(max-width: 683px) 100vw, 683px\" \/>\t\t\t\t\t\t\t\t\t\t\t\t\t\t\t<\/div>\n\t\t\t\t<\/div>\n\t\t\t\t<\/div>\n\t\t\t\t<\/div>\n\t\t\t\t\t<\/div>\n\t\t\t\t<\/div>\n\t\t\t\t\t<\/div>\n\t\t\t\t<\/div>\n\t\t<div class=\"elementor-element elementor-element-aeb6e3b e-flex e-con-boxed e-con e-parent\" data-id=\"aeb6e3b\" data-element_type=\"container\" data-e-type=\"container\" data-settings=\"{&quot;background_background&quot;:&quot;classic&quot;,&quot;jet_parallax_layout_list&quot;:[]}\">\n\t\t\t\t\t<div class=\"e-con-inner\">\n\t\t<div class=\"elementor-element elementor-element-a96822c e-flex e-con-boxed e-con e-child\" data-id=\"a96822c\" data-element_type=\"container\" data-e-type=\"container\" data-settings=\"{&quot;background_background&quot;:&quot;classic&quot;,&quot;jet_parallax_layout_list&quot;:[]}\">\n\t\t\t\t\t<div class=\"e-con-inner\">\n\t\t<div class=\"elementor-element elementor-element-b9364d7 e-con-full e-flex e-con e-child\" data-id=\"b9364d7\" data-element_type=\"container\" data-e-type=\"container\" data-settings=\"{&quot;background_background&quot;:&quot;classic&quot;,&quot;jet_parallax_layout_list&quot;:[]}\">\n\t\t\t\t<div class=\"elementor-element elementor-element-c8b737b elementor-widget elementor-widget-heading\" data-id=\"c8b737b\" data-element_type=\"widget\" data-e-type=\"widget\" data-widget_type=\"heading.default\">\n\t\t\t\t<div class=\"elementor-widget-container\">\n\t\t\t\t\t<h2 class=\"elementor-heading-title elementor-size-default\"><b>Buchen Sie <\/b><i>heilt<\/i><\/h2>\t\t\t\t<\/div>\n\t\t\t\t<\/div>\n\t\t\t\t<div class=\"elementor-element elementor-element-256534a elementor-align-center elementor-widget elementor-widget-button\" data-id=\"256534a\" data-element_type=\"widget\" data-e-type=\"widget\" data-widget_type=\"button.default\">\n\t\t\t\t<div class=\"elementor-widget-container\">\n\t\t\t\t\t\t\t\t\t<div class=\"elementor-button-wrapper\">\n\t\t\t\t\t<a class=\"elementor-button elementor-button-link elementor-size-sm\" href=\"#elementor-action%3Aaction%3Dpopup%3Aopen%26settings%3DeyJpZCI6MTAzODUsInRvZ2dsZSI6ZmFsc2V9\">\n\t\t\t\t\t\t<span class=\"elementor-button-content-wrapper\">\n\t\t\t\t\t\t\t\t\t<span class=\"elementor-button-text\">Jetzt buchen<\/span>\n\t\t\t\t\t<\/span>\n\t\t\t\t\t<\/a>\n\t\t\t\t<\/div>\n\t\t\t\t\t\t\t\t<\/div>\n\t\t\t\t<\/div>\n\t\t\t\t<\/div>\n\t\t<div class=\"elementor-element elementor-element-1c41cbe e-con-full e-flex e-con e-child\" data-id=\"1c41cbe\" data-element_type=\"container\" data-e-type=\"container\" data-settings=\"{&quot;background_background&quot;:&quot;classic&quot;,&quot;jet_parallax_layout_list&quot;:[]}\">\n\t\t\t\t<div class=\"elementor-element elementor-element-df1ca5c offers-forms elementor-widget elementor-widget-heading\" data-id=\"df1ca5c\" data-element_type=\"widget\" data-e-type=\"widget\" data-widget_type=\"heading.default\">\n\t\t\t\t<div class=\"elementor-widget-container\">\n\t\t\t\t\t<h2 class=\"elementor-heading-title elementor-size-default\">M\u00f6chten Sie Neuigkeiten und Angebote erhalten?<br><i>Registrieren Sie sich f\u00fcr den Newsletter<\/i><\/h2>\t\t\t\t<\/div>\n\t\t\t\t<\/div>\n\t\t\t\t<div class=\"elementor-element elementor-element-8221ce8 offers-forms elementor-widget elementor-widget-shortcode\" data-id=\"8221ce8\" data-element_type=\"widget\" data-e-type=\"widget\" data-widget_type=\"shortcode.default\">\n\t\t\t\t<div class=\"elementor-widget-container\">\n\t\t\t\t\t\t\t<div class=\"elementor-shortcode\">\n<div class=\"wpcf7 no-js\" id=\"wpcf7-f10333-o1\" lang=\"de-DE\" dir=\"ltr\" data-wpcf7-id=\"10333\">\n<div class=\"screen-reader-response\"><p role=\"status\" aria-live=\"polite\" aria-atomic=\"true\"><\/p> <ul><\/ul><\/div>\n<form action=\"\/de\/wp-json\/wp\/v2\/pages\/10228#wpcf7-f10333-o1\" method=\"post\" class=\"wpcf7-form init\" aria-label=\"Kontaktformular\" novalidate=\"novalidate\" data-status=\"init\">\n<fieldset class=\"hidden-fields-container\"><input type=\"hidden\" name=\"_wpcf7\" value=\"10333\" \/><input type=\"hidden\" name=\"_wpcf7_version\" value=\"6.1.5\" \/><input type=\"hidden\" name=\"_wpcf7_locale\" value=\"de_DE\" \/><input type=\"hidden\" name=\"_wpcf7_unit_tag\" value=\"wpcf7-f10333-o1\" \/><input type=\"hidden\" name=\"_wpcf7_container_post\" value=\"0\" \/><input type=\"hidden\" name=\"_wpcf7_posted_data_hash\" value=\"\" \/><input type=\"hidden\" name=\"_wpcf7_recaptcha_response\" value=\"\" \/>\n<\/fieldset>\n<div class=\"forms form-row\">\n\t<div class=\"forms-box-1\">\n\t\t<p><label><span class=\"wpcf7-form-control-wrap\" data-name=\"your-email\"><input size=\"40\" maxlength=\"400\" class=\"wpcf7-form-control wpcf7-email wpcf7-validates-as-required wpcf7-text wpcf7-validates-as-email\" autocomplete=\"email\" aria-required=\"true\" aria-invalid=\"false\" value=\"\" type=\"email\" name=\"your-email\" \/><\/span> <\/label><br \/>\n<input type=\"hidden\" name=\"mc4wp-subscribe\" value=\"1\" \/><br \/>\n<input type=\"hidden\" name=\"mc4wp-INTERESSE\" value=\"NEWSLETTER\" \/><br \/>\n<label><input class=\"wpcf7-form-control wpcf7-submit has-spinner\" type=\"submit\" value=\"JA, ICH MELDE MICH AN!\" \/><\/label>\n\t\t<\/p>\n\t<\/div>\n\t<div class=\"forms-box-2\">\n\t\t<p><span class=\"wpcf7-form-control-wrap\" data-name=\"acceptance-232\"><span class=\"wpcf7-form-control wpcf7-acceptance\"><span class=\"wpcf7-list-item\"><label><input type=\"checkbox\" name=\"acceptance-232\" value=\"1\" aria-invalid=\"false\" \/><span class=\"wpcf7-list-item-label\">Ich habe die <a href=\"https:\/\/www.privacylab.it\/informativa.php?09850415968\" target=\"_blank\" style=\"color:#FFFFFF\">Datenschutzbestimmungen<\/a> gelesen und akzeptiere sie.<\/span><\/label><\/span><\/span><\/span>\n\t\t<\/p>\n\t<\/div>\n<\/div><div class=\"wpcf7-response-output\" aria-hidden=\"true\"><\/div>\n<\/form>\n<\/div>\n<\/div>\n\t\t\t\t\t\t<\/div>\n\t\t\t\t<\/div>\n\t\t\t\t<\/div>\n\t\t\t\t\t<\/div>\n\t\t\t\t<\/div>\n\t\t\t\t\t<\/div>\n\t\t\t\t<\/div>\n\t\t\t\t<\/div>\n\t\t","protected":false},"excerpt":{"rendered":"<p>Konventionen SSN Alle italienischen B\u00fcrger haben einmal im Jahr Anspruch auf eine 12-t\u00e4gige Kur, die vom staatlichen Gesundheitsdienst bezahlt wird. Terme di Monticelli ist eine private Gesundheitseinrichtung, die von der Region Emilia-Romagna akkreditiert und dem nationalen Gesundheitsdienst angeschlossen ist und vom Gesundheitsministerium auf der h\u00f6chsten Stufe (Level 1 Super) eingestuft wurde. Alle italienischen Staatsb\u00fcrger haben [&hellip;]<\/p>\n","protected":false},"author":1,"featured_media":8952,"parent":0,"menu_order":3,"comment_status":"closed","ping_status":"closed","template":"elementor_header_footer","meta":{"_acf_changed":false,"inline_featured_image":false,"footnotes":""},"categories":[],"tags":[],"class_list":["post-10228","page","type-page","status-publish","has-post-thumbnail","hentry"],"acf":[],"yoast_head":"<!-- This site is optimized with the Yoast SEO plugin v27.5 - https:\/\/yoast.com\/product\/yoast-seo-wordpress\/ -->\n<title>Konventionen - Terme di Monticelli<\/title>\n<meta name=\"description\" content=\"Behandlung in Absprache mit dem SSN und motorische und respiratorische Rehabilitationsprogramme in Absprache mit dem INAIL. Finden Sie heraus, wie Sie eine Behandlung in Anspruch nehmen k\u00f6nnen.\" \/>\n<meta name=\"robots\" content=\"index, follow, max-snippet:-1, max-image-preview:large, max-video-preview:-1\" \/>\n<link rel=\"canonical\" href=\"https:\/\/termedimonticelli.it\/de\/konventionen\/\" \/>\n<meta property=\"og:locale\" content=\"de_DE\" \/>\n<meta property=\"og:type\" content=\"article\" \/>\n<meta property=\"og:title\" content=\"Konventionen - Terme di Monticelli\" \/>\n<meta property=\"og:description\" content=\"Behandlung in Absprache mit dem SSN und motorische und respiratorische Rehabilitationsprogramme in Absprache mit dem INAIL. Finden Sie heraus, wie Sie eine Behandlung in Anspruch nehmen k\u00f6nnen.\" \/>\n<meta property=\"og:url\" content=\"https:\/\/termedimonticelli.it\/de\/konventionen\/\" \/>\n<meta property=\"og:site_name\" content=\"Terme di Monticelli\" \/>\n<meta property=\"article:publisher\" content=\"https:\/\/www.facebook.com\/TermeDiMonticelli\/\" \/>\n<meta property=\"article:modified_time\" content=\"2024-07-22T13:30:35+00:00\" \/>\n<meta property=\"og:image\" content=\"https:\/\/termedimonticelli.it\/wp-content\/uploads\/2024\/05\/Convenzione-cure-termali-e-inail.jpg\" \/>\n\t<meta property=\"og:image:width\" content=\"1080\" \/>\n\t<meta property=\"og:image:height\" content=\"1080\" \/>\n\t<meta property=\"og:image:type\" content=\"image\/jpeg\" \/>\n<meta name=\"twitter:card\" content=\"summary_large_image\" \/>\n<meta name=\"twitter:label1\" content=\"Gesch\u00e4tzte Lesezeit\" \/>\n\t<meta name=\"twitter:data1\" content=\"4\u00a0Minuten\" \/>\n<script type=\"application\/ld+json\" class=\"yoast-schema-graph\">{\"@context\":\"https:\\\/\\\/schema.org\",\"@graph\":[{\"@type\":\"WebPage\",\"@id\":\"https:\\\/\\\/termedimonticelli.it\\\/de\\\/konventionen\\\/\",\"url\":\"https:\\\/\\\/termedimonticelli.it\\\/de\\\/konventionen\\\/\",\"name\":\"Konventionen - Terme di Monticelli\",\"isPartOf\":{\"@id\":\"https:\\\/\\\/termedimonticelli.it\\\/de\\\/#website\"},\"primaryImageOfPage\":{\"@id\":\"https:\\\/\\\/termedimonticelli.it\\\/de\\\/konventionen\\\/#primaryimage\"},\"image\":{\"@id\":\"https:\\\/\\\/termedimonticelli.it\\\/de\\\/konventionen\\\/#primaryimage\"},\"thumbnailUrl\":\"https:\\\/\\\/termedimonticelli.it\\\/wp-content\\\/uploads\\\/2024\\\/05\\\/Convenzione-cure-termali-e-inail.jpg\",\"datePublished\":\"2024-04-28T18:20:06+00:00\",\"dateModified\":\"2024-07-22T13:30:35+00:00\",\"description\":\"Behandlung in Absprache mit dem SSN und motorische und respiratorische Rehabilitationsprogramme in Absprache mit dem INAIL. Finden Sie heraus, wie Sie eine Behandlung in Anspruch nehmen k\u00f6nnen.\",\"breadcrumb\":{\"@id\":\"https:\\\/\\\/termedimonticelli.it\\\/de\\\/konventionen\\\/#breadcrumb\"},\"inLanguage\":\"de\",\"potentialAction\":[{\"@type\":\"ReadAction\",\"target\":[\"https:\\\/\\\/termedimonticelli.it\\\/de\\\/konventionen\\\/\"]}]},{\"@type\":\"ImageObject\",\"inLanguage\":\"de\",\"@id\":\"https:\\\/\\\/termedimonticelli.it\\\/de\\\/konventionen\\\/#primaryimage\",\"url\":\"https:\\\/\\\/termedimonticelli.it\\\/wp-content\\\/uploads\\\/2024\\\/05\\\/Convenzione-cure-termali-e-inail.jpg\",\"contentUrl\":\"https:\\\/\\\/termedimonticelli.it\\\/wp-content\\\/uploads\\\/2024\\\/05\\\/Convenzione-cure-termali-e-inail.jpg\",\"width\":1080,\"height\":1080},{\"@type\":\"BreadcrumbList\",\"@id\":\"https:\\\/\\\/termedimonticelli.it\\\/de\\\/konventionen\\\/#breadcrumb\",\"itemListElement\":[{\"@type\":\"ListItem\",\"position\":1,\"name\":\"Home\",\"item\":\"https:\\\/\\\/termedimonticelli.it\\\/\"},{\"@type\":\"ListItem\",\"position\":2,\"name\":\"Konventionen\"}]},{\"@type\":\"WebSite\",\"@id\":\"https:\\\/\\\/termedimonticelli.it\\\/de\\\/#website\",\"url\":\"https:\\\/\\\/termedimonticelli.it\\\/de\\\/\",\"name\":\"Terme di Monticelli\",\"description\":\"Terme di Monticelli\",\"potentialAction\":[{\"@type\":\"SearchAction\",\"target\":{\"@type\":\"EntryPoint\",\"urlTemplate\":\"https:\\\/\\\/termedimonticelli.it\\\/de\\\/?s={search_term_string}\"},\"query-input\":{\"@type\":\"PropertyValueSpecification\",\"valueRequired\":true,\"valueName\":\"search_term_string\"}}],\"inLanguage\":\"de\"}]}<\/script>\n<!-- \/ Yoast SEO plugin. -->","yoast_head_json":{"title":"Konventionen - Terme di Monticelli","description":"Behandlung in Absprache mit dem SSN und motorische und respiratorische Rehabilitationsprogramme in Absprache mit dem INAIL. Finden Sie heraus, wie Sie eine Behandlung in Anspruch nehmen k\u00f6nnen.","robots":{"index":"index","follow":"follow","max-snippet":"max-snippet:-1","max-image-preview":"max-image-preview:large","max-video-preview":"max-video-preview:-1"},"canonical":"https:\/\/termedimonticelli.it\/de\/konventionen\/","og_locale":"de_DE","og_type":"article","og_title":"Konventionen - Terme di Monticelli","og_description":"Behandlung in Absprache mit dem SSN und motorische und respiratorische Rehabilitationsprogramme in Absprache mit dem INAIL. Finden Sie heraus, wie Sie eine Behandlung in Anspruch nehmen k\u00f6nnen.","og_url":"https:\/\/termedimonticelli.it\/de\/konventionen\/","og_site_name":"Terme di Monticelli","article_publisher":"https:\/\/www.facebook.com\/TermeDiMonticelli\/","article_modified_time":"2024-07-22T13:30:35+00:00","og_image":[{"width":1080,"height":1080,"url":"https:\/\/termedimonticelli.it\/wp-content\/uploads\/2024\/05\/Convenzione-cure-termali-e-inail.jpg","type":"image\/jpeg"}],"twitter_card":"summary_large_image","twitter_misc":{"Gesch\u00e4tzte Lesezeit":"4\u00a0Minuten"},"schema":{"@context":"https:\/\/schema.org","@graph":[{"@type":"WebPage","@id":"https:\/\/termedimonticelli.it\/de\/konventionen\/","url":"https:\/\/termedimonticelli.it\/de\/konventionen\/","name":"Konventionen - Terme di Monticelli","isPartOf":{"@id":"https:\/\/termedimonticelli.it\/de\/#website"},"primaryImageOfPage":{"@id":"https:\/\/termedimonticelli.it\/de\/konventionen\/#primaryimage"},"image":{"@id":"https:\/\/termedimonticelli.it\/de\/konventionen\/#primaryimage"},"thumbnailUrl":"https:\/\/termedimonticelli.it\/wp-content\/uploads\/2024\/05\/Convenzione-cure-termali-e-inail.jpg","datePublished":"2024-04-28T18:20:06+00:00","dateModified":"2024-07-22T13:30:35+00:00","description":"Behandlung in Absprache mit dem SSN und motorische und respiratorische Rehabilitationsprogramme in Absprache mit dem INAIL. Finden Sie heraus, wie Sie eine Behandlung in Anspruch nehmen k\u00f6nnen.","breadcrumb":{"@id":"https:\/\/termedimonticelli.it\/de\/konventionen\/#breadcrumb"},"inLanguage":"de","potentialAction":[{"@type":"ReadAction","target":["https:\/\/termedimonticelli.it\/de\/konventionen\/"]}]},{"@type":"ImageObject","inLanguage":"de","@id":"https:\/\/termedimonticelli.it\/de\/konventionen\/#primaryimage","url":"https:\/\/termedimonticelli.it\/wp-content\/uploads\/2024\/05\/Convenzione-cure-termali-e-inail.jpg","contentUrl":"https:\/\/termedimonticelli.it\/wp-content\/uploads\/2024\/05\/Convenzione-cure-termali-e-inail.jpg","width":1080,"height":1080},{"@type":"BreadcrumbList","@id":"https:\/\/termedimonticelli.it\/de\/konventionen\/#breadcrumb","itemListElement":[{"@type":"ListItem","position":1,"name":"Home","item":"https:\/\/termedimonticelli.it\/"},{"@type":"ListItem","position":2,"name":"Konventionen"}]},{"@type":"WebSite","@id":"https:\/\/termedimonticelli.it\/de\/#website","url":"https:\/\/termedimonticelli.it\/de\/","name":"Terme di Monticelli","description":"Terme di Monticelli","potentialAction":[{"@type":"SearchAction","target":{"@type":"EntryPoint","urlTemplate":"https:\/\/termedimonticelli.it\/de\/?s={search_term_string}"},"query-input":{"@type":"PropertyValueSpecification","valueRequired":true,"valueName":"search_term_string"}}],"inLanguage":"de"}]}},"jetpack_sharing_enabled":true,"_links":{"self":[{"href":"https:\/\/termedimonticelli.it\/de\/wp-json\/wp\/v2\/pages\/10228","targetHints":{"allow":["GET"]}}],"collection":[{"href":"https:\/\/termedimonticelli.it\/de\/wp-json\/wp\/v2\/pages"}],"about":[{"href":"https:\/\/termedimonticelli.it\/de\/wp-json\/wp\/v2\/types\/page"}],"author":[{"embeddable":true,"href":"https:\/\/termedimonticelli.it\/de\/wp-json\/wp\/v2\/users\/1"}],"replies":[{"embeddable":true,"href":"https:\/\/termedimonticelli.it\/de\/wp-json\/wp\/v2\/comments?post=10228"}],"version-history":[{"count":3,"href":"https:\/\/termedimonticelli.it\/de\/wp-json\/wp\/v2\/pages\/10228\/revisions"}],"predecessor-version":[{"id":10240,"href":"https:\/\/termedimonticelli.it\/de\/wp-json\/wp\/v2\/pages\/10228\/revisions\/10240"}],"wp:featuredmedia":[{"embeddable":true,"href":"https:\/\/termedimonticelli.it\/de\/wp-json\/wp\/v2\/media\/8952"}],"wp:attachment":[{"href":"https:\/\/termedimonticelli.it\/de\/wp-json\/wp\/v2\/media?parent=10228"}],"wp:term":[{"taxonomy":"category","embeddable":true,"href":"https:\/\/termedimonticelli.it\/de\/wp-json\/wp\/v2\/categories?post=10228"},{"taxonomy":"post_tag","embeddable":true,"href":"https:\/\/termedimonticelli.it\/de\/wp-json\/wp\/v2\/tags?post=10228"}],"curies":[{"name":"wp","href":"https:\/\/api.w.org\/{rel}","templated":true}]}}