{"id":18095,"date":"2026-04-27T13:04:59","date_gmt":"2026-04-27T11:04:59","guid":{"rendered":"https:\/\/termedimonticelli.it\/?post_type=wellness-packages&#038;p=18095"},"modified":"2026-04-28T15:27:03","modified_gmt":"2026-04-28T13:27:03","slug":"primavera-alle-terme","status":"publish","type":"wellness-packages","link":"https:\/\/termedimonticelli.it\/pacchetti-benessere\/primavera-alle-terme\/","title":{"rendered":"Weekend Primavera alle Terme (8-10, 15-17, 22-24 maggio)"},"content":{"rendered":"<p><em>Primavera alle Terme<\/em> \u00e8 una parentesi di benessere, serenit\u00e0 e leggerezza, pensata per chi desidera regalarsi un weekend che unisce relax, salute e tempo di qualit\u00e0 nella natura. Alle Terme di Monticelli, in <strong>Emilia Romagna<\/strong>, all\u2019interno di un <strong>parco secolare di 24 ettari<\/strong>, puoi vivere un <strong>weekend di<\/strong> <strong>due notti <\/strong>dedicato al piacere di stare bene e alla cura di s\u00e9, con un programma che valorizza i benefici delle acque e dei vapori termali e il contatto rigenerante con l\u2019ambiente termale.<br \/>\nIl soggiorno \u00e8 pensato per accompagnarti in un percorso di benessere che coinvolge il <strong>respiro<\/strong>, con le <strong>cure inalatorie<\/strong> e una <strong>camminata guidata nel parco<\/strong>, e insieme il corpo e l\u2019equilibrio generale, grazie all\u2019esperienza delle <strong>piscine termali<\/strong> e al piacere di una pausa vissuta con calma.<\/p>\n<p>Il pacchetto <em>Primavera alle Terme<\/em>, valido nei <strong>weekend<\/strong> <strong>8-10, 15-17 e 22-24 maggio<\/strong>, include:<\/p>\n<p><i>HOTEL<\/i><\/p>\n<ul class=\"ul1\">\n<li class=\"li3\"><b>Soggiorno 2 notti<\/b>, in camera doppia\/matrimoniale con trattamento di mezza pensione (colazione e cena), con arrivo venerd\u00ec e partenza domenica.<\/li>\n<li class=\"li3\"><b>Colazione<\/b>, con buffet di pasticceria da forno che include proposte artigianali, caffetteria, frutta e prodotti freschi locali e un angolo dedicato al breakfast internazionale, per chi ama iniziare la giornata con gusto ed energia.<\/li>\n<li class=\"li3\">Venerd\u00ec,\u00a0<b>cena a tema<\/b>\u00a0<b>\u201cSapori Emiliani\u201d<\/b> con un men\u00f9 a cura degli chef del ristorante \u201cLa Veranda\u201d che celebra le specialit\u00e0 e i piatti della tradizione regionale, dall\u2019antipasto al dolce.<\/li>\n<li class=\"li3\">Sabato, cena con men\u00f9 a scelta tra le proposte del giorno degli chef e scelta tra tre primi e tre secondi, oltre al buffet di verdure e dolci.<\/li>\n<\/ul>\n<p>&nbsp;<\/p>\n<p><i>BENESSERE<\/i><\/p>\n<ul class=\"ul1\">\n<li class=\"li3\"><b>2 giorni di cure inalatorie <\/b>(due inalazioni e due aerosol) per <strong>purificare le vie aeree dagli effetti dello smog<\/strong> e <strong>rafforzare la capacit\u00e0 respiratoria e le difese immunitarie<\/strong>, da effettuare nel reparto termale dell\u2019Hotel delle Rose il sabato dalle 10:00 alle 12:00 e la domenica dalle 10:00 alle 11:00.<\/li>\n<li>sabato mattina, <strong>Camminata del Respiro<\/strong> nel parco termale con la fitness trainer Laura Scaranto, un&#8217;attivit\u00e0 semplice e adatta a tutti, perfetto per recuperare il piacere del movimento, alleggerire la mente e ottenere maggiore vitalit\u00e0.<\/li>\n<li class=\"li3\"><b>Percorso Acqua<\/b>: accesso libero all\u2019Area Benessere con\u00a0<b>quattro piscine termali a temperature differenziate<\/b>, saune, bagni turchi e\u00a0<i>tepidarium<\/i>, per i tuoi momenti di relax.<\/li>\n<li class=\"li3\"><b>Tre Routine a effetto rilassante, drenante e purificante\u00a0<\/b>da seguire in autonomia all\u2019interno dell\u2019Area Benessere.<\/li>\n<\/ul>\n<p>&nbsp;<\/p>\n<p><i>NATURA E INTRATTENIMENTO<\/i><\/p>\n<ul class=\"ul1\">\n<li class=\"li3\"><b>Parco di 24 ettari<\/b> per passeggiate o attivit\u00e0 fitness a contatto con la natura.<\/li>\n<li class=\"li3\"><b>Sabato, serata pianobar.<\/b><\/li>\n<\/ul>\n<p>&nbsp;<\/p>\n<p><strong>Tariffe:<\/strong><br \/>\nCamera Comfort: <strong>\u20ac 180 a persona <\/strong>(anzich\u00e9 \u20ac 201)<br \/>\nCamera Superior: <strong>\u20ac 210 a persona <\/strong>(anzich\u00e9 \u20ac 231)<\/p>\n<p><em>La tariffa non include le bevande ai pasti e l&#8217;imposta di soggiorno.<\/em><\/p>\n<p>&nbsp;<\/p>\n<div style=\"display: flex; justify-content: center;\"><a style=\"display: inline-flex; align-items: center; justify-content: center; padding: 5px 60px 30px 60px; font-size: 16px; color: black; background-color: white; border: 1px solid black; border-radius: 8px; text-decoration: none; transition: background-color 0.3s, color 0.3s; height: 40px;\" href=\"https:\/\/reservations.verticalbooking.com\/\/premium\/index_pacchetti_2.html?id_albergo=12013&amp;dc=5675&amp;lingua_int=ita&amp;id_stile=20678&amp;id_prodotto_sel=63\"><br \/>\nPRENOTA ORA<br \/>\n<\/a><\/div>\n","protected":false},"featured_media":17517,"template":"","packages-category":[40],"packages-hotels":[43],"class_list":["post-18095","wellness-packages","type-wellness-packages","status-publish","has-post-thumbnail","hentry","packages-category-pacchetti-benessere","packages-hotels-hotel-delle-rose"],"acf":[],"yoast_head":"<!-- This site is optimized with the Yoast SEO plugin v27.5 - https:\/\/yoast.com\/product\/yoast-seo-wordpress\/ -->\n<title>Weekend Primavera alle Terme (8-10, 15-17, 22-24 maggio) - Terme di Monticelli - Hotel delle Rose****<\/title>\n<meta name=\"description\" content=\"Pacchetto hotel con cure termali inalatorie per migliorare il respiro. Soggiorno 2 notti alle Terme di Monticelli con uso area benessere. Scopri!\" \/>\n<meta name=\"robots\" content=\"index, follow, max-snippet:-1, max-image-preview:large, max-video-preview:-1\" \/>\n<link rel=\"canonical\" href=\"https:\/\/termedimonticelli.it\/pacchetti-benessere\/primavera-alle-terme\/\" \/>\n<meta property=\"og:locale\" content=\"de_DE\" \/>\n<meta property=\"og:type\" content=\"article\" \/>\n<meta property=\"og:title\" content=\"Weekend Primavera alle Terme (8-10, 15-17, 22-24 maggio) - Terme di Monticelli - Hotel delle Rose****\" \/>\n<meta property=\"og:description\" content=\"Pacchetto hotel con cure termali inalatorie per migliorare il respiro. Soggiorno 2 notti alle Terme di Monticelli con uso area benessere. Scopri!\" \/>\n<meta property=\"og:url\" content=\"https:\/\/termedimonticelli.it\/pacchetti-benessere\/primavera-alle-terme\/\" \/>\n<meta property=\"og:site_name\" content=\"Terme di Monticelli\" \/>\n<meta property=\"article:publisher\" content=\"https:\/\/www.facebook.com\/TermeDiMonticelli\/\" \/>\n<meta property=\"article:modified_time\" content=\"2026-04-28T13:27:03+00:00\" \/>\n<meta property=\"og:image\" content=\"https:\/\/termedimonticelli.it\/wp-content\/uploads\/2026\/02\/inalazione-header-terme-di-monticelli.jpg\" \/>\n\t<meta property=\"og:image:width\" content=\"1900\" \/>\n\t<meta property=\"og:image:height\" content=\"1000\" \/>\n\t<meta property=\"og:image:type\" content=\"image\/jpeg\" \/>\n<meta name=\"twitter:card\" content=\"summary_large_image\" \/>\n<meta name=\"twitter:label1\" content=\"Gesch\u00e4tzte Lesezeit\" \/>\n\t<meta name=\"twitter:data1\" content=\"3\u00a0Minuten\" \/>\n<script type=\"application\/ld+json\" class=\"yoast-schema-graph\">{\"@context\":\"https:\\\/\\\/schema.org\",\"@graph\":[{\"@type\":\"WebPage\",\"@id\":\"https:\\\/\\\/termedimonticelli.it\\\/pacchetti-benessere\\\/primavera-alle-terme\\\/\",\"url\":\"https:\\\/\\\/termedimonticelli.it\\\/pacchetti-benessere\\\/primavera-alle-terme\\\/\",\"name\":\"Weekend Primavera alle Terme (8-10, 15-17, 22-24 maggio) - Terme di Monticelli - Hotel delle Rose****\",\"isPartOf\":{\"@id\":\"https:\\\/\\\/termedimonticelli.it\\\/de\\\/#website\"},\"primaryImageOfPage\":{\"@id\":\"https:\\\/\\\/termedimonticelli.it\\\/pacchetti-benessere\\\/primavera-alle-terme\\\/#primaryimage\"},\"image\":{\"@id\":\"https:\\\/\\\/termedimonticelli.it\\\/pacchetti-benessere\\\/primavera-alle-terme\\\/#primaryimage\"},\"thumbnailUrl\":\"https:\\\/\\\/termedimonticelli.it\\\/wp-content\\\/uploads\\\/2026\\\/02\\\/inalazione-header-terme-di-monticelli.jpg\",\"datePublished\":\"2026-04-27T11:04:59+00:00\",\"dateModified\":\"2026-04-28T13:27:03+00:00\",\"description\":\"Pacchetto hotel con cure termali inalatorie per migliorare il respiro. Soggiorno 2 notti alle Terme di Monticelli con uso area benessere. Scopri!\",\"breadcrumb\":{\"@id\":\"https:\\\/\\\/termedimonticelli.it\\\/pacchetti-benessere\\\/primavera-alle-terme\\\/#breadcrumb\"},\"inLanguage\":\"de\",\"potentialAction\":[{\"@type\":\"ReadAction\",\"target\":[\"https:\\\/\\\/termedimonticelli.it\\\/pacchetti-benessere\\\/primavera-alle-terme\\\/\"]}]},{\"@type\":\"ImageObject\",\"inLanguage\":\"de\",\"@id\":\"https:\\\/\\\/termedimonticelli.it\\\/pacchetti-benessere\\\/primavera-alle-terme\\\/#primaryimage\",\"url\":\"https:\\\/\\\/termedimonticelli.it\\\/wp-content\\\/uploads\\\/2026\\\/02\\\/inalazione-header-terme-di-monticelli.jpg\",\"contentUrl\":\"https:\\\/\\\/termedimonticelli.it\\\/wp-content\\\/uploads\\\/2026\\\/02\\\/inalazione-header-terme-di-monticelli.jpg\",\"width\":1900,\"height\":1000},{\"@type\":\"BreadcrumbList\",\"@id\":\"https:\\\/\\\/termedimonticelli.it\\\/pacchetti-benessere\\\/primavera-alle-terme\\\/#breadcrumb\",\"itemListElement\":[{\"@type\":\"ListItem\",\"position\":1,\"name\":\"Home\",\"item\":\"https:\\\/\\\/termedimonticelli.it\\\/\"},{\"@type\":\"ListItem\",\"position\":2,\"name\":\"Weekend Primavera alle Terme (8-10, 15-17, 22-24 maggio)\"}]},{\"@type\":\"WebSite\",\"@id\":\"https:\\\/\\\/termedimonticelli.it\\\/de\\\/#website\",\"url\":\"https:\\\/\\\/termedimonticelli.it\\\/de\\\/\",\"name\":\"Terme di Monticelli\",\"description\":\"Terme di Monticelli\",\"potentialAction\":[{\"@type\":\"SearchAction\",\"target\":{\"@type\":\"EntryPoint\",\"urlTemplate\":\"https:\\\/\\\/termedimonticelli.it\\\/de\\\/?s={search_term_string}\"},\"query-input\":{\"@type\":\"PropertyValueSpecification\",\"valueRequired\":true,\"valueName\":\"search_term_string\"}}],\"inLanguage\":\"de\"}]}<\/script>\n<!-- \/ Yoast SEO plugin. -->","yoast_head_json":{"title":"Weekend Primavera alle Terme (8-10, 15-17, 22-24 maggio) - Terme di Monticelli - Hotel delle Rose****","description":"Pacchetto hotel con cure termali inalatorie per migliorare il respiro. Soggiorno 2 notti alle Terme di Monticelli con uso area benessere. Scopri!","robots":{"index":"index","follow":"follow","max-snippet":"max-snippet:-1","max-image-preview":"max-image-preview:large","max-video-preview":"max-video-preview:-1"},"canonical":"https:\/\/termedimonticelli.it\/pacchetti-benessere\/primavera-alle-terme\/","og_locale":"de_DE","og_type":"article","og_title":"Weekend Primavera alle Terme (8-10, 15-17, 22-24 maggio) - Terme di Monticelli - Hotel delle Rose****","og_description":"Pacchetto hotel con cure termali inalatorie per migliorare il respiro. Soggiorno 2 notti alle Terme di Monticelli con uso area benessere. Scopri!","og_url":"https:\/\/termedimonticelli.it\/pacchetti-benessere\/primavera-alle-terme\/","og_site_name":"Terme di Monticelli","article_publisher":"https:\/\/www.facebook.com\/TermeDiMonticelli\/","article_modified_time":"2026-04-28T13:27:03+00:00","og_image":[{"width":1900,"height":1000,"url":"https:\/\/termedimonticelli.it\/wp-content\/uploads\/2026\/02\/inalazione-header-terme-di-monticelli.jpg","type":"image\/jpeg"}],"twitter_card":"summary_large_image","twitter_misc":{"Gesch\u00e4tzte Lesezeit":"3\u00a0Minuten"},"schema":{"@context":"https:\/\/schema.org","@graph":[{"@type":"WebPage","@id":"https:\/\/termedimonticelli.it\/pacchetti-benessere\/primavera-alle-terme\/","url":"https:\/\/termedimonticelli.it\/pacchetti-benessere\/primavera-alle-terme\/","name":"Weekend Primavera alle Terme (8-10, 15-17, 22-24 maggio) - Terme di Monticelli - Hotel delle Rose****","isPartOf":{"@id":"https:\/\/termedimonticelli.it\/de\/#website"},"primaryImageOfPage":{"@id":"https:\/\/termedimonticelli.it\/pacchetti-benessere\/primavera-alle-terme\/#primaryimage"},"image":{"@id":"https:\/\/termedimonticelli.it\/pacchetti-benessere\/primavera-alle-terme\/#primaryimage"},"thumbnailUrl":"https:\/\/termedimonticelli.it\/wp-content\/uploads\/2026\/02\/inalazione-header-terme-di-monticelli.jpg","datePublished":"2026-04-27T11:04:59+00:00","dateModified":"2026-04-28T13:27:03+00:00","description":"Pacchetto hotel con cure termali inalatorie per migliorare il respiro. Soggiorno 2 notti alle Terme di Monticelli con uso area benessere. Scopri!","breadcrumb":{"@id":"https:\/\/termedimonticelli.it\/pacchetti-benessere\/primavera-alle-terme\/#breadcrumb"},"inLanguage":"de","potentialAction":[{"@type":"ReadAction","target":["https:\/\/termedimonticelli.it\/pacchetti-benessere\/primavera-alle-terme\/"]}]},{"@type":"ImageObject","inLanguage":"de","@id":"https:\/\/termedimonticelli.it\/pacchetti-benessere\/primavera-alle-terme\/#primaryimage","url":"https:\/\/termedimonticelli.it\/wp-content\/uploads\/2026\/02\/inalazione-header-terme-di-monticelli.jpg","contentUrl":"https:\/\/termedimonticelli.it\/wp-content\/uploads\/2026\/02\/inalazione-header-terme-di-monticelli.jpg","width":1900,"height":1000},{"@type":"BreadcrumbList","@id":"https:\/\/termedimonticelli.it\/pacchetti-benessere\/primavera-alle-terme\/#breadcrumb","itemListElement":[{"@type":"ListItem","position":1,"name":"Home","item":"https:\/\/termedimonticelli.it\/"},{"@type":"ListItem","position":2,"name":"Weekend Primavera alle Terme (8-10, 15-17, 22-24 maggio)"}]},{"@type":"WebSite","@id":"https:\/\/termedimonticelli.it\/de\/#website","url":"https:\/\/termedimonticelli.it\/de\/","name":"Terme di Monticelli","description":"Terme di Monticelli","potentialAction":[{"@type":"SearchAction","target":{"@type":"EntryPoint","urlTemplate":"https:\/\/termedimonticelli.it\/de\/?s={search_term_string}"},"query-input":{"@type":"PropertyValueSpecification","valueRequired":true,"valueName":"search_term_string"}}],"inLanguage":"de"}]}},"jetpack_sharing_enabled":true,"_links":{"self":[{"href":"https:\/\/termedimonticelli.it\/de\/wp-json\/wp\/v2\/wellness-packages\/18095","targetHints":{"allow":["GET"]}}],"collection":[{"href":"https:\/\/termedimonticelli.it\/de\/wp-json\/wp\/v2\/wellness-packages"}],"about":[{"href":"https:\/\/termedimonticelli.it\/de\/wp-json\/wp\/v2\/types\/wellness-packages"}],"wp:featuredmedia":[{"embeddable":true,"href":"https:\/\/termedimonticelli.it\/de\/wp-json\/wp\/v2\/media\/17517"}],"wp:attachment":[{"href":"https:\/\/termedimonticelli.it\/de\/wp-json\/wp\/v2\/media?parent=18095"}],"wp:term":[{"taxonomy":"packages-category","embeddable":true,"href":"https:\/\/termedimonticelli.it\/de\/wp-json\/wp\/v2\/packages-category?post=18095"},{"taxonomy":"packages-hotels","embeddable":true,"href":"https:\/\/termedimonticelli.it\/de\/wp-json\/wp\/v2\/packages-hotels?post=18095"}],"curies":[{"name":"wp","href":"https:\/\/api.w.org\/{rel}","templated":true}]}}